{"id":1182,"date":"2024-04-30T06:43:49","date_gmt":"2024-04-30T06:43:49","guid":{"rendered":"https:\/\/espaidiomes.cat\/?page_id=1182"},"modified":"2024-05-15T15:03:32","modified_gmt":"2024-05-15T15:03:32","slug":"politica-de-privacitat","status":"publish","type":"page","link":"https:\/\/espaidiomes.cat\/fr\/politica-de-privacitat","title":{"rendered":"Politique de confidentialit\u00e9"},"content":{"rendered":"<div data-elementor-type=\"wp-page\" data-elementor-id=\"1182\" class=\"elementor elementor-1182\" data-elementor-post-type=\"page\">\n\t\t\t\t<div class=\"elementor-element elementor-element-638b2d92 e-flex e-con-boxed e-con e-parent\" data-id=\"638b2d92\" data-element_type=\"container\" data-e-type=\"container\">\n\t\t\t\t\t<div class=\"e-con-inner\">\n\t\t\t\t<div class=\"elementor-element elementor-element-73129ef2 elementor-widget elementor-widget-heading\" data-id=\"73129ef2\" data-element_type=\"widget\" data-e-type=\"widget\" data-widget_type=\"heading.default\">\n\t\t\t\t<div class=\"elementor-widget-container\">\n\t\t\t\t\t<h1 class=\"elementor-heading-title elementor-size-default\">Politique de confidentialit\u00e9<\/h1>\t\t\t\t<\/div>\n\t\t\t\t<\/div>\n\t\t\t\t<div class=\"elementor-element elementor-element-29d2d734 elementor-widget elementor-widget-heading\" data-id=\"29d2d734\" data-element_type=\"widget\" data-e-type=\"widget\" data-widget_type=\"heading.default\">\n\t\t\t\t<div class=\"elementor-widget-container\">\n\t\t\t\t\t<h2 class=\"elementor-heading-title elementor-size-default\">1.- INFORMATIONS UTILISATEUR<\/h2>\t\t\t\t<\/div>\n\t\t\t\t<\/div>\n\t\t\t\t<div class=\"elementor-element elementor-element-1ae26a7d elementor-widget elementor-widget-text-editor\" data-id=\"1ae26a7d\" data-element_type=\"widget\" data-e-type=\"widget\" data-widget_type=\"text-editor.default\">\n\t\t\t\t<div class=\"elementor-widget-container\">\n\t\t\t\t\t\t\t\t\t<p>Le site informe les utilisateurs de sa politique de traitement et de protection des donn\u00e9es personnelles des utilisateurs et des clients qui peuvent \u00eatre demand\u00e9es lors de la navigation sur le site.<\/p><p>Le site Web est responsable du traitement des donn\u00e9es personnelles de l&#039;utilisateur, c&#039;est pourquoi les informations suivantes sont fournies concernant le traitement de vos donn\u00e9es :<\/p><p>Crit\u00e8res de conservation des donn\u00e9es : Les donn\u00e9es personnelles fournies seront conserv\u00e9es jusqu&#039;\u00e0 ce que leur suspension soit demand\u00e9e par l&#039;int\u00e9ress\u00e9, exer\u00e7ant ses droits sur les donn\u00e9es, et en tout cas dans le respect des d\u00e9lais de prescription l\u00e9gaux applicables.<\/p><p>Droits des parties int\u00e9ress\u00e9es\u00a0:<\/p><p>Droit de retirer votre consentement \u00e0 tout moment.<br \/>Droit d&#039;acc\u00e8s, de rectification, de suppression, de portabilit\u00e9 de vos donn\u00e9es et de limitation ou d&#039;opposition \u00e0 leur traitement, ainsi que de ne pas faire l&#039;objet de d\u00e9cisions individuelles automatis\u00e9es.<br \/>Coordonn\u00e9es pour exercer vos droits :<\/p><p>Vous devez vous identifier correctement et demander clairement le droit d\u2019exercer.<\/p><p>Site web: <a href=\"https:\/\/espaidiomes.cat\/fr\/\">http:\/\/www.espaidiomes.cat\/<\/a><br \/>Nom: ESPAI IDIOMES SL<br \/>Adresse : C\/. SANT PERE, 11 BAIXOS (082) \u2013 RUB\u00cd \u2013 Barcelone<br \/>T\u00e9l\u00e9phone : 699 211 127<br \/>E-mail: <a href=\"mailto:espaidiomes@gmail.com\">espaidiomes@gmail.com<\/a><\/p>\t\t\t\t\t\t\t\t<\/div>\n\t\t\t\t<\/div>\n\t\t\t\t\t<\/div>\n\t\t\t\t<\/div>\n\t\t<div class=\"elementor-element elementor-element-5409cd3e e-flex e-con-boxed e-con e-parent\" data-id=\"5409cd3e\" data-element_type=\"container\" data-e-type=\"container\">\n\t\t\t\t\t<div class=\"e-con-inner\">\n\t\t\t\t<div class=\"elementor-element elementor-element-4540a3ed elementor-widget elementor-widget-heading\" data-id=\"4540a3ed\" data-element_type=\"widget\" data-e-type=\"widget\" data-widget_type=\"heading.default\">\n\t\t\t\t<div class=\"elementor-widget-container\">\n\t\t\t\t\t<h2 class=\"elementor-heading-title elementor-size-default\">2.- INFORMATIONS FOURNIES PAR L&#039;UTILISATEUR\n<\/h2>\t\t\t\t<\/div>\n\t\t\t\t<\/div>\n\t\t\t\t<div class=\"elementor-element elementor-element-40faace7 elementor-widget elementor-widget-text-editor\" data-id=\"40faace7\" data-element_type=\"widget\" data-e-type=\"widget\" data-widget_type=\"text-editor.default\">\n\t\t\t\t<div class=\"elementor-widget-container\">\n\t\t\t\t\t\t\t\t\tLes utilisateurs, en saisissant leurs donn\u00e9es dans les formulaires de contact ou dans les formulaires de t\u00e9l\u00e9chargement, acceptent express\u00e9ment, librement et sans \u00e9quivoque que leurs donn\u00e9es sont n\u00e9cessaires pour r\u00e9pondre \u00e0 leur demande de la part du Responsable, l&#039;inclusion des donn\u00e9es dans les champs restants \u00e9tant volontaire. L&#039;utilisateur garantit que les donn\u00e9es personnelles fournies sont v\u00e9ridiques et s&#039;engage \u00e0 communiquer toute modification. Toutes les donn\u00e9es demand\u00e9es via le site Web sont n\u00e9cessaires pour fournir un service optimal \u00e0 l&#039;utilisateur. Si vous ne fournissez pas toutes les donn\u00e9es, il n&#039;est pas garanti que les informations et les services fournis par le Responsable soient totalement adapt\u00e9s \u00e0 vos besoins.\t\t\t\t\t\t\t\t<\/div>\n\t\t\t\t<\/div>\n\t\t\t\t\t<\/div>\n\t\t\t\t<\/div>\n\t\t<div class=\"elementor-element elementor-element-3dbc9c38 e-flex e-con-boxed e-con e-parent\" data-id=\"3dbc9c38\" data-element_type=\"container\" data-e-type=\"container\">\n\t\t\t\t\t<div class=\"e-con-inner\">\n\t\t\t\t<div class=\"elementor-element elementor-element-24f13f82 elementor-widget elementor-widget-heading\" data-id=\"24f13f82\" data-element_type=\"widget\" data-e-type=\"widget\" data-widget_type=\"heading.default\">\n\t\t\t\t<div class=\"elementor-widget-container\">\n\t\t\t\t\t<h2 class=\"elementor-heading-title elementor-size-default\">3.- MESURES DE S\u00c9CURIT\u00c9\n<\/h2>\t\t\t\t<\/div>\n\t\t\t\t<\/div>\n\t\t\t\t<div class=\"elementor-element elementor-element-5ae9066e elementor-widget elementor-widget-text-editor\" data-id=\"5ae9066e\" data-element_type=\"widget\" data-e-type=\"widget\" data-widget_type=\"text-editor.default\">\n\t\t\t\t<div class=\"elementor-widget-container\">\n\t\t\t\t\t\t\t\t\tConform\u00e9ment \u00e0 la r\u00e9glementation en vigueur sur la protection des donn\u00e9es personnelles, le Responsable de traitement respecte toutes les dispositions de la r\u00e9glementation RGPD et LOPD pour les traitements de donn\u00e9es personnelles sous sa responsabilit\u00e9. Ces donn\u00e9es sont trait\u00e9es de mani\u00e8re licite, loyale et transparente \u00e0 l&#039;\u00e9gard de l&#039;int\u00e9ress\u00e9, et sont ad\u00e9quates, pertinentes et limit\u00e9es \u00e0 ce qui est n\u00e9cessaire au regard des finalit\u00e9s pour lesquelles elles sont trait\u00e9es. Le Responsable du traitement garantit avoir mis en \u0153uvre des politiques techniques et organisationnelles appropri\u00e9es pour appliquer les mesures de s\u00e9curit\u00e9 \u00e9tablies par le RGPD et la LOPD pour prot\u00e9ger les droits et libert\u00e9s des utilisateurs. Par ailleurs, il a communiqu\u00e9 aux utilisateurs les informations appropri\u00e9es afin qu&#039;ils puissent exercer ces droits.\n\n\n\n\n\n\n\t\t\t\t\t\t\t\t<\/div>\n\t\t\t\t<\/div>\n\t\t\t\t\t<\/div>\n\t\t\t\t<\/div>\n\t\t<div class=\"elementor-element elementor-element-578f115a e-flex e-con-boxed e-con e-parent\" data-id=\"578f115a\" data-element_type=\"container\" data-e-type=\"container\">\n\t\t\t\t\t<div class=\"e-con-inner\">\n\t\t\t\t<div class=\"elementor-element elementor-element-14c4917d elementor-widget elementor-widget-heading\" data-id=\"14c4917d\" data-element_type=\"widget\" data-e-type=\"widget\" data-widget_type=\"heading.default\">\n\t\t\t\t<div class=\"elementor-widget-container\">\n\t\t\t\t\t<h2 class=\"elementor-heading-title elementor-size-default\">4.- VULN\u00c9RABILIT\u00c9S DE S\u00c9CURIT\u00c9<\/h2>\t\t\t\t<\/div>\n\t\t\t\t<\/div>\n\t\t\t\t<div class=\"elementor-element elementor-element-7bacc89d elementor-widget elementor-widget-text-editor\" data-id=\"7bacc89d\" data-element_type=\"widget\" data-e-type=\"widget\" data-widget_type=\"text-editor.default\">\n\t\t\t\t<div class=\"elementor-widget-container\">\n\t\t\t\t\t\t\t\t\tLe responsable du traitement signalera toute faille de s\u00e9curit\u00e9 affectant la base de donn\u00e9es utilis\u00e9e pour ce site Web ou affectant l&#039;un de nos services tiers. Cette information sera communiqu\u00e9e \u00e0 chaque personne concern\u00e9e, ainsi qu&#039;aux autorit\u00e9s, dans un d\u00e9lai de 72 heures suivant la d\u00e9tection de l&#039;infraction.\t\t\t\t\t\t\t\t<\/div>\n\t\t\t\t<\/div>\n\t\t\t\t\t<\/div>\n\t\t\t\t<\/div>\n\t\t<div class=\"elementor-element elementor-element-fa04ae2 e-flex e-con-boxed e-con e-parent\" data-id=\"fa04ae2\" data-element_type=\"container\" data-e-type=\"container\">\n\t\t\t\t\t<div class=\"e-con-inner\">\n\t\t\t\t<div class=\"elementor-element elementor-element-1a63bb29 elementor-widget elementor-widget-heading\" data-id=\"1a63bb29\" data-element_type=\"widget\" data-e-type=\"widget\" data-widget_type=\"heading.default\">\n\t\t\t\t<div class=\"elementor-widget-container\">\n\t\t\t\t\t<h2 class=\"elementor-heading-title elementor-size-default\">LOI APPLICABLE ET JURIDICTION\n<\/h2>\t\t\t\t<\/div>\n\t\t\t\t<\/div>\n\t\t\t\t<div class=\"elementor-element elementor-element-6ad93a29 elementor-widget elementor-widget-text-editor\" data-id=\"6ad93a29\" data-element_type=\"widget\" data-e-type=\"widget\" data-widget_type=\"text-editor.default\">\n\t\t\t\t<div class=\"elementor-widget-container\">\n\t\t\t\t\t\t\t\t\t<div id=\"inner-wrap\" class=\"wrap hfeed kt-clear\"><div id=\"primary\" class=\"content-area\"><div class=\"content-container site-container\">Pour la r\u00e9solution de toutes les controverses ou probl\u00e8mes li\u00e9s \u00e0 ce site Web ou aux activit\u00e9s qui s&#039;y d\u00e9roulent, la l\u00e9gislation espagnole s&#039;appliquera, \u00e0 laquelle les parties se soumettent express\u00e9ment, \u00e9tant comp\u00e9tentes pour la r\u00e9solution de tous les conflits d\u00e9coulant de ou li\u00e9s au recours aux Tribunaux et Tribunaux de Barcelone.<\/div><\/div><\/div>\t\t\t\t\t\t\t\t<\/div>\n\t\t\t\t<\/div>\n\t\t\t\t\t<\/div>\n\t\t\t\t<\/div>\n\t\t\t\t<\/div>","protected":false},"excerpt":{"rendered":"<p>Pol\u00edtica de privacitat 1.- INFORMACI\u00d3 AL USUARI El lloc web informa els usuaris sobre la seva pol\u00edtica de tractament i protecci\u00f3 de les dades personals dels usuaris i clients que puguin ser sol\u00b7licitades durant la navegaci\u00f3 pel lloc web. El lloc web \u00e9s el Responsable del tractament de les dades personals de l&#8217;usuari, per la [&hellip;]<\/p>\n","protected":false},"author":1,"featured_media":0,"parent":0,"menu_order":0,"comment_status":"closed","ping_status":"open","template":"","meta":{"footnotes":""},"class_list":["post-1182","page","type-page","status-publish","hentry"],"yoast_head":"<!-- This site is optimized with the Yoast SEO plugin v27.4 - https:\/\/yoast.com\/product\/yoast-seo-wordpress\/ -->\n<title>Pol\u00edtica de privacitat - Espai Idiomes<\/title>\n<meta name=\"robots\" content=\"index, follow, max-snippet:-1, max-image-preview:large, max-video-preview:-1\" \/>\n<link rel=\"canonical\" href=\"https:\/\/espaidiomes.cat\/fr\/politica-de-privacitat\/\" \/>\n<meta property=\"og:locale\" content=\"fr_FR\" \/>\n<meta property=\"og:type\" content=\"article\" \/>\n<meta property=\"og:title\" content=\"Pol\u00edtica de privacitat - Espai Idiomes\" \/>\n<meta property=\"og:description\" content=\"Pol\u00edtica de privacitat 1.- INFORMACI\u00d3 AL USUARI El lloc web informa els usuaris sobre la seva pol\u00edtica de tractament i protecci\u00f3 de les dades personals dels usuaris i clients que puguin ser sol\u00b7licitades durant la navegaci\u00f3 pel lloc web. El lloc web \u00e9s el Responsable del tractament de les dades personals de l&#8217;usuari, per la [&hellip;]\" \/>\n<meta property=\"og:url\" content=\"https:\/\/espaidiomes.cat\/fr\/politica-de-privacitat\/\" \/>\n<meta property=\"og:site_name\" content=\"Espai Idiomes\" \/>\n<meta property=\"article:modified_time\" content=\"2024-05-15T15:03:32+00:00\" \/>\n<meta name=\"twitter:card\" content=\"summary_large_image\" \/>\n<meta name=\"twitter:label1\" content=\"Dur\u00e9e de lecture estim\u00e9e\" \/>\n\t<meta name=\"twitter:data1\" content=\"3 minutes\" \/>\n<script type=\"application\/ld+json\" class=\"yoast-schema-graph\">{\"@context\":\"https:\\\/\\\/schema.org\",\"@graph\":[{\"@type\":\"WebPage\",\"@id\":\"https:\\\/\\\/espaidiomes.cat\\\/politica-de-privacitat\",\"url\":\"https:\\\/\\\/espaidiomes.cat\\\/politica-de-privacitat\",\"name\":\"Pol\u00edtica de privacitat - Espai Idiomes\",\"isPartOf\":{\"@id\":\"https:\\\/\\\/espaidiomes.cat\\\/#website\"},\"datePublished\":\"2024-04-30T06:43:49+00:00\",\"dateModified\":\"2024-05-15T15:03:32+00:00\",\"breadcrumb\":{\"@id\":\"https:\\\/\\\/espaidiomes.cat\\\/politica-de-privacitat#breadcrumb\"},\"inLanguage\":\"fr-FR\",\"potentialAction\":[{\"@type\":\"ReadAction\",\"target\":[\"https:\\\/\\\/espaidiomes.cat\\\/politica-de-privacitat\"]}]},{\"@type\":\"BreadcrumbList\",\"@id\":\"https:\\\/\\\/espaidiomes.cat\\\/politica-de-privacitat#breadcrumb\",\"itemListElement\":[{\"@type\":\"ListItem\",\"position\":1,\"name\":\"Portada\",\"item\":\"https:\\\/\\\/espaidiomes.cat\\\/\"},{\"@type\":\"ListItem\",\"position\":2,\"name\":\"Pol\u00edtica de privacitat\"}]},{\"@type\":\"WebSite\",\"@id\":\"https:\\\/\\\/espaidiomes.cat\\\/#website\",\"url\":\"https:\\\/\\\/espaidiomes.cat\\\/\",\"name\":\"Espai idiomes\",\"description\":\"Academia de refer\u00e8ncia per l\u2019aprenentatge i perfeccionament d\u2019idiomes\",\"publisher\":{\"@id\":\"https:\\\/\\\/espaidiomes.cat\\\/#organization\"},\"potentialAction\":[{\"@type\":\"SearchAction\",\"target\":{\"@type\":\"EntryPoint\",\"urlTemplate\":\"https:\\\/\\\/espaidiomes.cat\\\/?s={search_term_string}\"},\"query-input\":{\"@type\":\"PropertyValueSpecification\",\"valueRequired\":true,\"valueName\":\"search_term_string\"}}],\"inLanguage\":\"fr-FR\"},{\"@type\":\"Organization\",\"@id\":\"https:\\\/\\\/espaidiomes.cat\\\/#organization\",\"name\":\"Espai idiomes\",\"url\":\"https:\\\/\\\/espaidiomes.cat\\\/\",\"logo\":{\"@type\":\"ImageObject\",\"inLanguage\":\"fr-FR\",\"@id\":\"https:\\\/\\\/espaidiomes.cat\\\/#\\\/schema\\\/logo\\\/image\\\/\",\"url\":\"https:\\\/\\\/espaidiomes.cat\\\/wp-content\\\/uploads\\\/2024\\\/04\\\/language_schoollogo.png\",\"contentUrl\":\"https:\\\/\\\/espaidiomes.cat\\\/wp-content\\\/uploads\\\/2024\\\/04\\\/language_schoollogo.png\",\"width\":4320,\"height\":2430,\"caption\":\"Espai idiomes\"},\"image\":{\"@id\":\"https:\\\/\\\/espaidiomes.cat\\\/#\\\/schema\\\/logo\\\/image\\\/\"}}]}<\/script>\n<!-- \/ Yoast SEO plugin. -->","yoast_head_json":{"title":"Politique de confidentialit\u00e9 - Espai Idiomes","robots":{"index":"index","follow":"follow","max-snippet":"max-snippet:-1","max-image-preview":"max-image-preview:large","max-video-preview":"max-video-preview:-1"},"canonical":"https:\/\/espaidiomes.cat\/fr\/politica-de-privacitat\/","og_locale":"fr_FR","og_type":"article","og_title":"Pol\u00edtica de privacitat - Espai Idiomes","og_description":"Pol\u00edtica de privacitat 1.- INFORMACI\u00d3 AL USUARI El lloc web informa els usuaris sobre la seva pol\u00edtica de tractament i protecci\u00f3 de les dades personals dels usuaris i clients que puguin ser sol\u00b7licitades durant la navegaci\u00f3 pel lloc web. El lloc web \u00e9s el Responsable del tractament de les dades personals de l&#8217;usuari, per la [&hellip;]","og_url":"https:\/\/espaidiomes.cat\/fr\/politica-de-privacitat\/","og_site_name":"Espai Idiomes","article_modified_time":"2024-05-15T15:03:32+00:00","twitter_card":"summary_large_image","twitter_misc":{"Dur\u00e9e de lecture estim\u00e9e":"3 minutes"},"schema":{"@context":"https:\/\/schema.org","@graph":[{"@type":"WebPage","@id":"https:\/\/espaidiomes.cat\/politica-de-privacitat","url":"https:\/\/espaidiomes.cat\/politica-de-privacitat","name":"Politique de confidentialit\u00e9 - Espai Idiomes","isPartOf":{"@id":"https:\/\/espaidiomes.cat\/#website"},"datePublished":"2024-04-30T06:43:49+00:00","dateModified":"2024-05-15T15:03:32+00:00","breadcrumb":{"@id":"https:\/\/espaidiomes.cat\/politica-de-privacitat#breadcrumb"},"inLanguage":"fr-FR","potentialAction":[{"@type":"ReadAction","target":["https:\/\/espaidiomes.cat\/politica-de-privacitat"]}]},{"@type":"BreadcrumbList","@id":"https:\/\/espaidiomes.cat\/politica-de-privacitat#breadcrumb","itemListElement":[{"@type":"ListItem","position":1,"name":"Portada","item":"https:\/\/espaidiomes.cat\/"},{"@type":"ListItem","position":2,"name":"Pol\u00edtica de privacitat"}]},{"@type":"WebSite","@id":"https:\/\/espaidiomes.cat\/#website","url":"https:\/\/espaidiomes.cat\/","name":"Espace linguistique","description":"Acad\u00e9mie de r\u00e9f\u00e9rence pour l&#039;apprentissage et le perfectionnement des langues","publisher":{"@id":"https:\/\/espaidiomes.cat\/#organization"},"potentialAction":[{"@type":"SearchAction","target":{"@type":"EntryPoint","urlTemplate":"https:\/\/espaidiomes.cat\/?s={search_term_string}"},"query-input":{"@type":"PropertyValueSpecification","valueRequired":true,"valueName":"search_term_string"}}],"inLanguage":"fr-FR"},{"@type":"Organization","@id":"https:\/\/espaidiomes.cat\/#organization","name":"Espace linguistique","url":"https:\/\/espaidiomes.cat\/","logo":{"@type":"ImageObject","inLanguage":"fr-FR","@id":"https:\/\/espaidiomes.cat\/#\/schema\/logo\/image\/","url":"https:\/\/espaidiomes.cat\/wp-content\/uploads\/2024\/04\/language_schoollogo.png","contentUrl":"https:\/\/espaidiomes.cat\/wp-content\/uploads\/2024\/04\/language_schoollogo.png","width":4320,"height":2430,"caption":"Espai idiomes"},"image":{"@id":"https:\/\/espaidiomes.cat\/#\/schema\/logo\/image\/"}}]}},"_links":{"self":[{"href":"https:\/\/espaidiomes.cat\/fr\/wp-json\/wp\/v2\/pages\/1182","targetHints":{"allow":["GET"]}}],"collection":[{"href":"https:\/\/espaidiomes.cat\/fr\/wp-json\/wp\/v2\/pages"}],"about":[{"href":"https:\/\/espaidiomes.cat\/fr\/wp-json\/wp\/v2\/types\/page"}],"author":[{"embeddable":true,"href":"https:\/\/espaidiomes.cat\/fr\/wp-json\/wp\/v2\/users\/1"}],"replies":[{"embeddable":true,"href":"https:\/\/espaidiomes.cat\/fr\/wp-json\/wp\/v2\/comments?post=1182"}],"version-history":[{"count":16,"href":"https:\/\/espaidiomes.cat\/fr\/wp-json\/wp\/v2\/pages\/1182\/revisions"}],"predecessor-version":[{"id":3005,"href":"https:\/\/espaidiomes.cat\/fr\/wp-json\/wp\/v2\/pages\/1182\/revisions\/3005"}],"wp:attachment":[{"href":"https:\/\/espaidiomes.cat\/fr\/wp-json\/wp\/v2\/media?parent=1182"}],"curies":[{"name":"wp","href":"https:\/\/api.w.org\/{rel}","templated":true}]}}