{"id":3235,"date":"2024-10-16T12:08:35","date_gmt":"2024-10-16T10:08:35","guid":{"rendered":"https:\/\/espaidiomes.cat\/?page_id=3235"},"modified":"2024-11-19T09:38:08","modified_gmt":"2024-11-19T08:38:08","slug":"updates","status":"publish","type":"page","link":"https:\/\/espaidiomes.cat\/fr\/updates","title":{"rendered":"MISES \u00c0 JOUR"},"content":{"rendered":"\t\t<div data-elementor-type=\"wp-page\" data-elementor-id=\"3235\" class=\"elementor elementor-3235\" data-elementor-post-type=\"page\">\n\t\t\t\t\t\t<section class=\"elementor-section elementor-top-section elementor-element elementor-element-e378d2d elementor-section-boxed elementor-section-height-default elementor-section-height-default\" data-id=\"e378d2d\" data-element_type=\"section\" data-e-type=\"section\" data-settings=\"{&quot;background_background&quot;:&quot;classic&quot;}\">\n\t\t\t\t\t\t\t<div class=\"elementor-background-overlay\"><\/div>\n\t\t\t\t\t\t\t<div class=\"elementor-container elementor-column-gap-default\">\n\t\t\t\t\t<div class=\"elementor-column elementor-col-100 elementor-top-column elementor-element elementor-element-fd9b541\" data-id=\"fd9b541\" data-element_type=\"column\" data-e-type=\"column\">\n\t\t\t<div class=\"elementor-widget-wrap elementor-element-populated\">\n\t\t\t\t\t\t<section class=\"elementor-section elementor-inner-section elementor-element elementor-element-0424cc2 elementor-section-boxed elementor-section-height-default elementor-section-height-default\" data-id=\"0424cc2\" data-element_type=\"section\" data-e-type=\"section\">\n\t\t\t\t\t\t<div class=\"elementor-container elementor-column-gap-default\">\n\t\t\t\t\t<div class=\"elementor-column elementor-col-100 elementor-inner-column elementor-element elementor-element-e52226c elementor-invisible\" data-id=\"e52226c\" data-element_type=\"column\" data-e-type=\"column\" data-settings=\"{&quot;animation&quot;:&quot;fadeInUp&quot;}\">\n\t\t\t<div class=\"elementor-widget-wrap elementor-element-populated\">\n\t\t\t\t\t\t<div class=\"elementor-element elementor-element-1cbf03f elementor-widget elementor-widget-heading\" data-id=\"1cbf03f\" data-element_type=\"widget\" data-e-type=\"widget\" data-widget_type=\"heading.default\">\n\t\t\t\t<div class=\"elementor-widget-container\">\n\t\t\t\t\t<h2 class=\"elementor-heading-title elementor-size-default\">UPDATES<\/h2>\t\t\t\t<\/div>\n\t\t\t\t<\/div>\n\t\t\t\t<div class=\"elementor-element elementor-element-7cab1f0 elementor-icon-list--layout-inline elementor-widget__width-auto elementor-list-item-link-full_width elementor-widget elementor-widget-icon-list\" data-id=\"7cab1f0\" data-element_type=\"widget\" data-e-type=\"widget\" data-widget_type=\"icon-list.default\">\n\t\t\t\t<div class=\"elementor-widget-container\">\n\t\t\t\t\t\t\t<ul class=\"elementor-icon-list-items elementor-inline-items\">\n\t\t\t\t\t\t\t<li class=\"elementor-icon-list-item elementor-inline-item\">\n\t\t\t\t\t\t\t\t\t\t\t<a href=\"https:\/\/espaidiomes.cat\/fr\">\n\n\t\t\t\t\t\t\t\t\t\t\t<span class=\"elementor-icon-list-text\">Home<\/span>\n\t\t\t\t\t\t\t\t\t\t\t<\/a>\n\t\t\t\t\t\t\t\t\t<\/li>\n\t\t\t\t\t\t\t\t<li class=\"elementor-icon-list-item elementor-inline-item\">\n\t\t\t\t\t\t\t\t\t\t\t<a href=\"#\">\n\n\t\t\t\t\t\t\t\t\t\t\t\t<span class=\"elementor-icon-list-icon\">\n\t\t\t\t\t\t\t<svg aria-hidden=\"true\" class=\"e-font-icon-svg e-fas-chevron-right\" viewBox=\"0 0 320 512\" xmlns=\"http:\/\/www.w3.org\/2000\/svg\"><path d=\"M285.476 272.971L91.132 467.314c-9.373 9.373-24.569 9.373-33.941 0l-22.667-22.667c-9.357-9.357-9.375-24.522-.04-33.901L188.505 256 34.484 101.255c-9.335-9.379-9.317-24.544.04-33.901l22.667-22.667c9.373-9.373 24.569-9.373 33.941 0L285.475 239.03c9.373 9.372 9.373 24.568.001 33.941z\"><\/path><\/svg>\t\t\t\t\t\t<\/span>\n\t\t\t\t\t\t\t\t\t\t<span class=\"elementor-icon-list-text\"><\/span>\n\t\t\t\t\t\t\t\t\t\t\t<\/a>\n\t\t\t\t\t\t\t\t\t<\/li>\n\t\t\t\t\t\t<\/ul>\n\t\t\t\t\t\t<\/div>\n\t\t\t\t<\/div>\n\t\t\t\t\t<\/div>\n\t\t<\/div>\n\t\t\t\t\t<\/div>\n\t\t<\/section>\n\t\t\t\t\t<\/div>\n\t\t<\/div>\n\t\t\t\t\t<\/div>\n\t\t<\/section>\n\t\t<div class=\"elementor-element elementor-element-099534d e-flex e-con-boxed e-con e-parent\" data-id=\"099534d\" data-element_type=\"container\" data-e-type=\"container\">\n\t\t\t\t\t<div class=\"e-con-inner\">\n\t\t\t\t<div class=\"elementor-element elementor-element-9d1d4fe elementor-widget elementor-widget-elementskit-blog-posts\" data-id=\"9d1d4fe\" data-element_type=\"widget\" data-e-type=\"widget\" data-widget_type=\"elementskit-blog-posts.default\">\n\t\t\t\t<div class=\"elementor-widget-container\">\n\t\t\t\t\t<div class=\"ekit-wid-con\" >        <div id=\"post-items--9d1d4fe\" class=\"row post-items\">\n                    <div class=\"col-md-12\">\n\n                                    <div class=\"elementskit-blog-block-post\">\n                        <div class=\"row no-gutters\">\n                                                            <div class=\"col-md-6 order-1\">\n                                    <a href=\"https:\/\/espaidiomes.cat\/fr\/no-parem-arriba-un-nou-contacontes\" class=\"elementskit-entry-thumb\">\n                                        <img decoding=\"async\" src=\"https:\/\/espaidiomes.cat\/wp-content\/uploads\/2026\/04\/Contacontes-dinosaurs-819x1024.png\" alt=\"No parem! Arriba un nou contacontes!\">\n                                    <\/a><!-- .elementskit-entry-thumb END -->\n                                <\/div>\n                            \n                            <div class=\"col-md-6 order-2\">\n                                <div class=\"elementskit-post-body \">\n                                    <div class=\"elementskit-entry-header\">\n                                        \n                                                                                            \t\t\t\t\t                                            \n                                            \n                                                                                            \t\t\t\t<h2 class=\"entry-title\">\n\t\t\t\t\t<a href=\"https:\/\/espaidiomes.cat\/fr\/no-parem-arriba-un-nou-contacontes\">\n\t\t\t\t\t\tNo parem! Arriba un nou contacontes!\t\t\t\t\t<\/a>\n\t\t\t\t<\/h2>\n\t\t\t                                                                                <\/div><!-- .elementskit-entry-header END -->\n\n                                                                            <div class=\"elementskit-post-footer\">\n                                                                                            <p>&nbsp;Prepareu-vos per viatjar milions d&#8217;anys enrere\u2026 entre rugits, aventures i molta imaginaci\u00f3! El&nbsp;teacher Javi&nbsp;arriba amb un&nbsp;contacontes de dinosaures&nbsp;ple d&#8217;hist\u00f2ries sorprenents que faran volar la curiositat dels m\u00e9s petits. T-Rexs, triceratops i moltes sorpreses us esperen en una sessi\u00f3 din\u00e0mica i divertida! &nbsp;9 de maig&nbsp;11 h&nbsp;Biblioteca Mestre Mart\u00ed Tauler Una estona per escoltar, imaginar i gaudir [&hellip;]<\/p>\n                                                                                                                                <\/div><!-- .elementskit-post-footer END -->\n                                                                    <\/div><!-- .elementskit-post-body END -->\n                            <\/div>\n                        <\/div>\n                    <\/div><!-- .elementskit-blog-block-post .radius .gradient-bg END -->\n                \n            <\/div>\n                    <div class=\"col-md-12\">\n\n                                    <div class=\"elementskit-blog-block-post\">\n                        <div class=\"row no-gutters\">\n                                                            <div class=\"col-md-6 order-1\">\n                                    <a href=\"https:\/\/espaidiomes.cat\/fr\/arriba-lultim-book-club-de-la-temporada\" class=\"elementskit-entry-thumb\">\n                                        <img decoding=\"async\" src=\"https:\/\/espaidiomes.cat\/wp-content\/uploads\/2026\/04\/Book-club-The-last-message-819x1024.png\" alt=\"Arriba l&#8217;\u00faltim book club de la temporada!\">\n                                    <\/a><!-- .elementskit-entry-thumb END -->\n                                <\/div>\n                            \n                            <div class=\"col-md-6 order-2\">\n                                <div class=\"elementskit-post-body \">\n                                    <div class=\"elementskit-entry-header\">\n                                        \n                                                                                            \t\t\t\t\t                                            \n                                            \n                                                                                            \t\t\t\t<h2 class=\"entry-title\">\n\t\t\t\t\t<a href=\"https:\/\/espaidiomes.cat\/fr\/arriba-lultim-book-club-de-la-temporada\">\n\t\t\t\t\t\tArriba l&#8217;\u00faltim book club de la temporada!\t\t\t\t\t<\/a>\n\t\t\t\t<\/h2>\n\t\t\t                                                                                <\/div><!-- .elementskit-entry-header END -->\n\n                                                                            <div class=\"elementskit-post-footer\">\n                                                                                            <p>&nbsp;\u00daltima sessi\u00f3 del&nbsp;Book Club&nbsp;de la temporada! El proper&nbsp;28 de maig a les 19h&nbsp;ens acomiadem del nostre&nbsp;book club&nbsp;amb una lectura que promet deixar-vos amb la boca oberta. La hist\u00f2ria escollida \u00e9s&nbsp;The Last Message, una&nbsp;short story&nbsp;plena de tensi\u00f3 i misteri que ens recorda que, de vegades, les coses no s\u00f3n el que semblen\u2026&nbsp; Secrets del passat, missatges [&hellip;]<\/p>\n                                                                                                                                <\/div><!-- .elementskit-post-footer END -->\n                                                                    <\/div><!-- .elementskit-post-body END -->\n                            <\/div>\n                        <\/div>\n                    <\/div><!-- .elementskit-blog-block-post .radius .gradient-bg END -->\n                \n            <\/div>\n                    <div class=\"col-md-12\">\n\n                                    <div class=\"elementskit-blog-block-post\">\n                        <div class=\"row no-gutters\">\n                                                            <div class=\"col-md-6 order-1\">\n                                    <a href=\"https:\/\/espaidiomes.cat\/fr\/un-sant-jordi-ple-de-contes\" class=\"elementskit-entry-thumb\">\n                                        <img decoding=\"async\" src=\"https:\/\/espaidiomes.cat\/wp-content\/uploads\/2026\/04\/B2137F09-04EA-4E65-93FF-0A69AECA8492-893x1024.jpg\" alt=\"Un Sant Jordi ple de contes!\">\n                                    <\/a><!-- .elementskit-entry-thumb END -->\n                                <\/div>\n                            \n                            <div class=\"col-md-6 order-2\">\n                                <div class=\"elementskit-post-body \">\n                                    <div class=\"elementskit-entry-header\">\n                                        \n                                                                                            \t\t\t\t\t                                            \n                                            \n                                                                                            \t\t\t\t<h2 class=\"entry-title\">\n\t\t\t\t\t<a href=\"https:\/\/espaidiomes.cat\/fr\/un-sant-jordi-ple-de-contes\">\n\t\t\t\t\t\tUn Sant Jordi ple de contes!\t\t\t\t\t<\/a>\n\t\t\t\t<\/h2>\n\t\t\t                                                                                <\/div><!-- .elementskit-entry-header END -->\n\n                                                                            <div class=\"elementskit-post-footer\">\n                                                                                            <p>Ahir vam viure un Sant Jordi molt especial amb un&nbsp;contacontes del teacher Javi a la Pla\u00e7a de l&#8217;Esgl\u00e9sia Sant Pere. En Javi ens va explicar la hist\u00f2ria de&nbsp;Little and his coloured tails, i molts nens i nenes van venir a descobrir les aventures d\u2019aquest lle\u00f3 tan entranyable.&nbsp; Ens encanta veure com, a trav\u00e9s de les [&hellip;]<\/p>\n                                                                                                                                <\/div><!-- .elementskit-post-footer END -->\n                                                                    <\/div><!-- .elementskit-post-body END -->\n                            <\/div>\n                        <\/div>\n                    <\/div><!-- .elementskit-blog-block-post .radius .gradient-bg END -->\n                \n            <\/div>\n                <\/div>\n       <\/div>\t\t\t\t<\/div>\n\t\t\t\t<\/div>\n\t\t\t\t\t<\/div>\n\t\t\t\t<\/div>\n\t\t\t\t<section class=\"elementor-section elementor-top-section elementor-element elementor-element-4304839 elementor-section-boxed elementor-section-height-default elementor-section-height-default\" data-id=\"4304839\" data-element_type=\"section\" data-e-type=\"section\" data-settings=\"{&quot;background_background&quot;:&quot;classic&quot;}\">\n\t\t\t\t\t\t\t<div class=\"elementor-background-overlay\"><\/div>\n\t\t\t\t\t\t\t<div class=\"elementor-container elementor-column-gap-default\">\n\t\t\t\t\t<div class=\"elementor-column elementor-col-100 elementor-top-column elementor-element elementor-element-e465945\" data-id=\"e465945\" data-element_type=\"column\" data-e-type=\"column\">\n\t\t\t<div class=\"elementor-widget-wrap elementor-element-populated\">\n\t\t\t\t\t\t<section class=\"elementor-section elementor-inner-section elementor-element elementor-element-ba3b2a3 elementor-section-boxed elementor-section-height-default elementor-section-height-default\" data-id=\"ba3b2a3\" data-element_type=\"section\" data-e-type=\"section\">\n\t\t\t\t\t\t<div class=\"elementor-container elementor-column-gap-default\">\n\t\t\t\t\t<div class=\"elementor-column elementor-col-100 elementor-inner-column elementor-element elementor-element-50b4061 elementor-invisible\" data-id=\"50b4061\" data-element_type=\"column\" data-e-type=\"column\" data-settings=\"{&quot;animation&quot;:&quot;fadeInUp&quot;}\">\n\t\t\t<div class=\"elementor-widget-wrap elementor-element-populated\">\n\t\t\t\t\t\t<div class=\"elementor-element elementor-element-284c3d8 elementor-widget elementor-widget-heading\" data-id=\"284c3d8\" data-element_type=\"widget\" data-e-type=\"widget\" data-widget_type=\"heading.default\">\n\t\t\t\t<div class=\"elementor-widget-container\">\n\t\t\t\t\t<h2 class=\"elementor-heading-title elementor-size-default\">Descobreix m\u00e9s sobre les activitats en Espai Idiomes<\/h2>\t\t\t\t<\/div>\n\t\t\t\t<\/div>\n\t\t\t\t<div class=\"elementor-element elementor-element-5ca6084 elementor-widget elementor-widget-text-editor\" data-id=\"5ca6084\" data-element_type=\"widget\" data-e-type=\"widget\" data-widget_type=\"text-editor.default\">\n\t\t\t\t<div class=\"elementor-widget-container\">\n\t\t\t\t\t\t\t\t\tNo dubtis en posar-te en contacte amb nosaltres per a m\u00e9s informaci\u00f3 sobre les nostres activitats i col.laboracions.\t\t\t\t\t\t\t\t<\/div>\n\t\t\t\t<\/div>\n\t\t\t\t<div class=\"elementor-element elementor-element-6eb70e3 elementor-widget elementor-widget-button\" data-id=\"6eb70e3\" data-element_type=\"widget\" data-e-type=\"widget\" data-widget_type=\"button.default\">\n\t\t\t\t<div class=\"elementor-widget-container\">\n\t\t\t\t\t\t\t\t\t<div class=\"elementor-button-wrapper\">\n\t\t\t\t\t<a class=\"elementor-button elementor-button-link elementor-size-sm\" href=\"https:\/\/espaidiomes.cat\/fr\/contacte\">\n\t\t\t\t\t\t<span class=\"elementor-button-content-wrapper\">\n\t\t\t\t\t\t\t\t\t<span class=\"elementor-button-text\">Contactar<\/span>\n\t\t\t\t\t<\/span>\n\t\t\t\t\t<\/a>\n\t\t\t\t<\/div>\n\t\t\t\t\t\t\t\t<\/div>\n\t\t\t\t<\/div>\n\t\t\t\t\t<\/div>\n\t\t<\/div>\n\t\t\t\t\t<\/div>\n\t\t<\/section>\n\t\t\t\t\t<\/div>\n\t\t<\/div>\n\t\t\t\t\t<\/div>\n\t\t<\/section>\n\t\t\t\t<\/div>\n\t\t","protected":false},"excerpt":{"rendered":"<p>UPDATES Home INICIA LA SEGONA EDICI\u00d3 DEL CLUB DE LECTURA! Good news: we are back! El&nbsp;club&nbsp;de lectura d&#8217;Espai Idiomes arrenca de nou i ho fa amb moltes ganes i il\u00b7lusi\u00f3. Aix\u00ed que si us agrada la lectura i parlar de llibres, aquest \u00e9s el lloc que est\u00e0veu buscant! Si esteu interessats i voleu m\u00e9s informaci\u00f3 [&hellip;]<\/p>\n","protected":false},"author":1,"featured_media":0,"parent":0,"menu_order":0,"comment_status":"closed","ping_status":"closed","template":"elementor_header_footer","meta":{"footnotes":""},"class_list":["post-3235","page","type-page","status-publish","hentry"],"yoast_head":"<!-- This site is optimized with the Yoast SEO plugin v27.4 - https:\/\/yoast.com\/product\/yoast-seo-wordpress\/ -->\n<title>UPDATES - Espai Idiomes<\/title>\n<meta name=\"robots\" content=\"index, follow, max-snippet:-1, max-image-preview:large, max-video-preview:-1\" \/>\n<link rel=\"canonical\" href=\"https:\/\/espaidiomes.cat\/fr\/updates\/\" \/>\n<meta property=\"og:locale\" content=\"fr_FR\" \/>\n<meta property=\"og:type\" content=\"article\" \/>\n<meta property=\"og:title\" content=\"UPDATES - Espai Idiomes\" \/>\n<meta property=\"og:description\" content=\"UPDATES Home INICIA LA SEGONA EDICI\u00d3 DEL CLUB DE LECTURA! Good news: we are back! El&nbsp;club&nbsp;de lectura d&#8217;Espai Idiomes arrenca de nou i ho fa amb moltes ganes i il\u00b7lusi\u00f3. Aix\u00ed que si us agrada la lectura i parlar de llibres, aquest \u00e9s el lloc que est\u00e0veu buscant! Si esteu interessats i voleu m\u00e9s informaci\u00f3 [&hellip;]\" \/>\n<meta property=\"og:url\" content=\"https:\/\/espaidiomes.cat\/fr\/updates\/\" \/>\n<meta property=\"og:site_name\" content=\"Espai Idiomes\" \/>\n<meta property=\"article:modified_time\" content=\"2024-11-19T08:38:08+00:00\" \/>\n<meta property=\"og:image\" content=\"https:\/\/espaidiomes.cat\/wp-content\/uploads\/2024\/11\/d652daf3-7b16-447a-b7b5-ca8dc969d960-1024x576.jpg\" \/>\n<meta name=\"twitter:card\" content=\"summary_large_image\" \/>\n<meta name=\"twitter:label1\" content=\"Dur\u00e9e de lecture estim\u00e9e\" \/>\n\t<meta name=\"twitter:data1\" content=\"2 minutes\" \/>\n<script type=\"application\/ld+json\" class=\"yoast-schema-graph\">{\"@context\":\"https:\\\/\\\/schema.org\",\"@graph\":[{\"@type\":\"WebPage\",\"@id\":\"https:\\\/\\\/espaidiomes.cat\\\/updates\",\"url\":\"https:\\\/\\\/espaidiomes.cat\\\/updates\",\"name\":\"UPDATES - Espai Idiomes\",\"isPartOf\":{\"@id\":\"https:\\\/\\\/espaidiomes.cat\\\/#website\"},\"primaryImageOfPage\":{\"@id\":\"https:\\\/\\\/espaidiomes.cat\\\/updates#primaryimage\"},\"image\":{\"@id\":\"https:\\\/\\\/espaidiomes.cat\\\/updates#primaryimage\"},\"thumbnailUrl\":\"https:\\\/\\\/espaidiomes.cat\\\/wp-content\\\/uploads\\\/2024\\\/11\\\/d652daf3-7b16-447a-b7b5-ca8dc969d960-1024x576.jpg\",\"datePublished\":\"2024-10-16T10:08:35+00:00\",\"dateModified\":\"2024-11-19T08:38:08+00:00\",\"breadcrumb\":{\"@id\":\"https:\\\/\\\/espaidiomes.cat\\\/updates#breadcrumb\"},\"inLanguage\":\"fr-FR\",\"potentialAction\":[{\"@type\":\"ReadAction\",\"target\":[\"https:\\\/\\\/espaidiomes.cat\\\/updates\"]}]},{\"@type\":\"ImageObject\",\"inLanguage\":\"fr-FR\",\"@id\":\"https:\\\/\\\/espaidiomes.cat\\\/updates#primaryimage\",\"url\":\"https:\\\/\\\/espaidiomes.cat\\\/wp-content\\\/uploads\\\/2024\\\/11\\\/d652daf3-7b16-447a-b7b5-ca8dc969d960-1024x576.jpg\",\"contentUrl\":\"https:\\\/\\\/espaidiomes.cat\\\/wp-content\\\/uploads\\\/2024\\\/11\\\/d652daf3-7b16-447a-b7b5-ca8dc969d960-1024x576.jpg\"},{\"@type\":\"BreadcrumbList\",\"@id\":\"https:\\\/\\\/espaidiomes.cat\\\/updates#breadcrumb\",\"itemListElement\":[{\"@type\":\"ListItem\",\"position\":1,\"name\":\"Portada\",\"item\":\"https:\\\/\\\/espaidiomes.cat\\\/\"},{\"@type\":\"ListItem\",\"position\":2,\"name\":\"UPDATES\"}]},{\"@type\":\"WebSite\",\"@id\":\"https:\\\/\\\/espaidiomes.cat\\\/#website\",\"url\":\"https:\\\/\\\/espaidiomes.cat\\\/\",\"name\":\"Espai idiomes\",\"description\":\"Academia de refer\u00e8ncia per l\u2019aprenentatge i perfeccionament d\u2019idiomes\",\"publisher\":{\"@id\":\"https:\\\/\\\/espaidiomes.cat\\\/#organization\"},\"potentialAction\":[{\"@type\":\"SearchAction\",\"target\":{\"@type\":\"EntryPoint\",\"urlTemplate\":\"https:\\\/\\\/espaidiomes.cat\\\/?s={search_term_string}\"},\"query-input\":{\"@type\":\"PropertyValueSpecification\",\"valueRequired\":true,\"valueName\":\"search_term_string\"}}],\"inLanguage\":\"fr-FR\"},{\"@type\":\"Organization\",\"@id\":\"https:\\\/\\\/espaidiomes.cat\\\/#organization\",\"name\":\"Espai idiomes\",\"url\":\"https:\\\/\\\/espaidiomes.cat\\\/\",\"logo\":{\"@type\":\"ImageObject\",\"inLanguage\":\"fr-FR\",\"@id\":\"https:\\\/\\\/espaidiomes.cat\\\/#\\\/schema\\\/logo\\\/image\\\/\",\"url\":\"https:\\\/\\\/espaidiomes.cat\\\/wp-content\\\/uploads\\\/2024\\\/04\\\/language_schoollogo.png\",\"contentUrl\":\"https:\\\/\\\/espaidiomes.cat\\\/wp-content\\\/uploads\\\/2024\\\/04\\\/language_schoollogo.png\",\"width\":4320,\"height\":2430,\"caption\":\"Espai idiomes\"},\"image\":{\"@id\":\"https:\\\/\\\/espaidiomes.cat\\\/#\\\/schema\\\/logo\\\/image\\\/\"}}]}<\/script>\n<!-- \/ Yoast SEO plugin. -->","yoast_head_json":{"title":"MISES \u00c0 JOUR - Espai Idiomes","robots":{"index":"index","follow":"follow","max-snippet":"max-snippet:-1","max-image-preview":"max-image-preview:large","max-video-preview":"max-video-preview:-1"},"canonical":"https:\/\/espaidiomes.cat\/fr\/updates\/","og_locale":"fr_FR","og_type":"article","og_title":"UPDATES - Espai Idiomes","og_description":"UPDATES Home INICIA LA SEGONA EDICI\u00d3 DEL CLUB DE LECTURA! Good news: we are back! El&nbsp;club&nbsp;de lectura d&#8217;Espai Idiomes arrenca de nou i ho fa amb moltes ganes i il\u00b7lusi\u00f3. Aix\u00ed que si us agrada la lectura i parlar de llibres, aquest \u00e9s el lloc que est\u00e0veu buscant! Si esteu interessats i voleu m\u00e9s informaci\u00f3 [&hellip;]","og_url":"https:\/\/espaidiomes.cat\/fr\/updates\/","og_site_name":"Espai Idiomes","article_modified_time":"2024-11-19T08:38:08+00:00","og_image":[{"url":"https:\/\/espaidiomes.cat\/wp-content\/uploads\/2024\/11\/d652daf3-7b16-447a-b7b5-ca8dc969d960-1024x576.jpg","type":"","width":"","height":""}],"twitter_card":"summary_large_image","twitter_misc":{"Dur\u00e9e de lecture estim\u00e9e":"2 minutes"},"schema":{"@context":"https:\/\/schema.org","@graph":[{"@type":"WebPage","@id":"https:\/\/espaidiomes.cat\/updates","url":"https:\/\/espaidiomes.cat\/updates","name":"MISES \u00c0 JOUR - Espai Idiomes","isPartOf":{"@id":"https:\/\/espaidiomes.cat\/#website"},"primaryImageOfPage":{"@id":"https:\/\/espaidiomes.cat\/updates#primaryimage"},"image":{"@id":"https:\/\/espaidiomes.cat\/updates#primaryimage"},"thumbnailUrl":"https:\/\/espaidiomes.cat\/wp-content\/uploads\/2024\/11\/d652daf3-7b16-447a-b7b5-ca8dc969d960-1024x576.jpg","datePublished":"2024-10-16T10:08:35+00:00","dateModified":"2024-11-19T08:38:08+00:00","breadcrumb":{"@id":"https:\/\/espaidiomes.cat\/updates#breadcrumb"},"inLanguage":"fr-FR","potentialAction":[{"@type":"ReadAction","target":["https:\/\/espaidiomes.cat\/updates"]}]},{"@type":"ImageObject","inLanguage":"fr-FR","@id":"https:\/\/espaidiomes.cat\/updates#primaryimage","url":"https:\/\/espaidiomes.cat\/wp-content\/uploads\/2024\/11\/d652daf3-7b16-447a-b7b5-ca8dc969d960-1024x576.jpg","contentUrl":"https:\/\/espaidiomes.cat\/wp-content\/uploads\/2024\/11\/d652daf3-7b16-447a-b7b5-ca8dc969d960-1024x576.jpg"},{"@type":"BreadcrumbList","@id":"https:\/\/espaidiomes.cat\/updates#breadcrumb","itemListElement":[{"@type":"ListItem","position":1,"name":"Portada","item":"https:\/\/espaidiomes.cat\/"},{"@type":"ListItem","position":2,"name":"UPDATES"}]},{"@type":"WebSite","@id":"https:\/\/espaidiomes.cat\/#website","url":"https:\/\/espaidiomes.cat\/","name":"Espace linguistique","description":"Acad\u00e9mie de r\u00e9f\u00e9rence pour l&#039;apprentissage et le perfectionnement des langues","publisher":{"@id":"https:\/\/espaidiomes.cat\/#organization"},"potentialAction":[{"@type":"SearchAction","target":{"@type":"EntryPoint","urlTemplate":"https:\/\/espaidiomes.cat\/?s={search_term_string}"},"query-input":{"@type":"PropertyValueSpecification","valueRequired":true,"valueName":"search_term_string"}}],"inLanguage":"fr-FR"},{"@type":"Organization","@id":"https:\/\/espaidiomes.cat\/#organization","name":"Espace linguistique","url":"https:\/\/espaidiomes.cat\/","logo":{"@type":"ImageObject","inLanguage":"fr-FR","@id":"https:\/\/espaidiomes.cat\/#\/schema\/logo\/image\/","url":"https:\/\/espaidiomes.cat\/wp-content\/uploads\/2024\/04\/language_schoollogo.png","contentUrl":"https:\/\/espaidiomes.cat\/wp-content\/uploads\/2024\/04\/language_schoollogo.png","width":4320,"height":2430,"caption":"Espai idiomes"},"image":{"@id":"https:\/\/espaidiomes.cat\/#\/schema\/logo\/image\/"}}]}},"_links":{"self":[{"href":"https:\/\/espaidiomes.cat\/fr\/wp-json\/wp\/v2\/pages\/3235","targetHints":{"allow":["GET"]}}],"collection":[{"href":"https:\/\/espaidiomes.cat\/fr\/wp-json\/wp\/v2\/pages"}],"about":[{"href":"https:\/\/espaidiomes.cat\/fr\/wp-json\/wp\/v2\/types\/page"}],"author":[{"embeddable":true,"href":"https:\/\/espaidiomes.cat\/fr\/wp-json\/wp\/v2\/users\/1"}],"replies":[{"embeddable":true,"href":"https:\/\/espaidiomes.cat\/fr\/wp-json\/wp\/v2\/comments?post=3235"}],"version-history":[{"count":22,"href":"https:\/\/espaidiomes.cat\/fr\/wp-json\/wp\/v2\/pages\/3235\/revisions"}],"predecessor-version":[{"id":3297,"href":"https:\/\/espaidiomes.cat\/fr\/wp-json\/wp\/v2\/pages\/3235\/revisions\/3297"}],"wp:attachment":[{"href":"https:\/\/espaidiomes.cat\/fr\/wp-json\/wp\/v2\/media?parent=3235"}],"curies":[{"name":"wp","href":"https:\/\/api.w.org\/{rel}","templated":true}]}}